{"id":152925,"date":"2023-06-27T00:00:00","date_gmt":"2023-06-26T22:00:00","guid":{"rendered":"https:\/\/www.equitat.org\/es\/l-estat-de-l-educacio-catalunya-anuari-bofill"},"modified":"2026-04-20T09:33:12","modified_gmt":"2026-04-20T07:33:12","slug":"anuario-educacion-cataluna-equitat","status":"publish","type":"projectes","link":"https:\/\/www.equitat.org\/es\/anuario-educacion-cataluna-equitat","title":{"rendered":"El Anuario de la Educaci\u00f3n en Catalu\u00f1a"},"content":{"rendered":"\n<p>El Anuario de la educaci\u00f3n en Catalu\u00f1a ofrece un retrato del <strong>estado de la educaci\u00f3n desde 2005<\/strong> y propone un amplio abanico de pol\u00edticas para hacer frente a los principales retos del sistema. Est\u00e1 dirigido por <a href=\"https:\/\/www.equitat.org\/es\/persona\/alegre-miquel-angel\">Miquel \u00c0ngel Alegre<\/a> y\u00a0<a href=\"https:\/\/www.equitat.org\/es\/persona\/pedro-garcia-francesc\">Francesc Pedr\u00f3<\/a>.<\/p>\n\n\n\n<p>La panor\u00e1mica de estos an\u00e1lisis convierte al Anuario en una herramienta imprescindible para entender y evaluar la evoluci\u00f3n de la educaci\u00f3n en los \u00faltimos veinte a\u00f1os.<\/p>\n\n\n\n<p>Desde su inicio, la direcci\u00f3n del Anuario ha ido a cargo de <a href=\"https:\/\/fundaciobofill.cat\/persona\/bonal-xavier\" target=\"_blank\" rel=\"noreferrer noopener\">Xavier Bonal<\/a>, <a href=\"https:\/\/fundaciobofill.cat\/persona\/ferrer-ferran\" target=\"_blank\" rel=\"noreferrer noopener\">Ferran Ferrer<\/a>, <a href=\"https:\/\/fundaciobofill.cat\/persona\/albaiges-blasi-bernat\u00e7\" target=\"_blank\" rel=\"noreferrer noopener\">Bernat Albaig\u00e9s<\/a>, <a href=\"https:\/\/fundaciobofill.cat\/persona\/martinez-miquel\" target=\"_blank\" rel=\"noreferrer noopener\">Miquel Mart\u00ednez<\/a>, <a href=\"https:\/\/fundaciobofill.cat\/persona\/vilalta-josep-maria\" target=\"_blank\" rel=\"noreferrer noopener\">Josep M. Vilalta<\/a>, <a href=\"https:\/\/fundaciobofill.cat\/persona\/riera-romani-jordi\" target=\"_blank\" rel=\"noreferrer noopener\">Jordi Riera<\/a>, <a href=\"https:\/\/fundaciobofill.cat\/persona\/coll-cesar\" target=\"_blank\" rel=\"noreferrer noopener\">C\u00e9sar Coll<\/a>, <a href=\"https:\/\/fundaciobofill.cat\/persona\/tarabini-castellani-aina\" target=\"_blank\" rel=\"noreferrer noopener\">Aina Tarabini<\/a> y <a href=\"https:\/\/fundaciobofill.cat\/persona\/margarita-leon\" target=\"_blank\" rel=\"noreferrer noopener\">Margarita Le\u00f3n<\/a>, referentes en la investigaci\u00f3n sobre educaci\u00f3n. <\/p>\n","protected":false},"excerpt":{"rendered":"<p>Des de 2005, l\u2019Anuari de l&#8217;educaci\u00f3 de&nbsp;la Fundaci\u00f3 Bofill diagnostica els principals indicadors i tend\u00e8ncies educatives a Catalunya i ofereix reflexions i propostes per a la seva millora. Aquesta publicaci\u00f3 ha esdevingut de refer\u00e8ncia i cada edici\u00f3 \u00e9s un reflex rigor\u00f3s de l\u2019actualitat educativa.<\/p>\n","protected":false},"featured_media":152577,"parent":0,"menu_order":44,"template":"","class_list":["post-152925","projectes","type-projectes","status-publish","has-post-thumbnail","hentry"],"acf":[],"yoast_head":"<!-- This site is optimized with the Yoast SEO plugin v27.3 - https:\/\/yoast.com\/product\/yoast-seo-wordpress\/ -->\n<title>Anuario de la Educaci\u00f3n en Catalu\u00f1a - Equitat\u00b7org<\/title>\n<meta name=\"description\" content=\"Explora el anuario de la educaci\u00f3n en Catalu\u00f1a de Equitat\u00b7org, con diagnosis, indicadores y propuestas para mejorar el sistema educativo.\" \/>\n<meta name=\"robots\" content=\"index, follow, max-snippet:-1, max-image-preview:large, max-video-preview:-1\" \/>\n<link rel=\"canonical\" href=\"https:\/\/www.equitat.org\/es\/anuario-educacion-cataluna-equitat\" \/>\n<meta property=\"og:locale\" content=\"es_ES\" \/>\n<meta property=\"og:type\" content=\"article\" \/>\n<meta property=\"og:title\" content=\"Anuario de la Educaci\u00f3n en Catalu\u00f1a - Equitat\u00b7org\" \/>\n<meta property=\"og:description\" content=\"Explora el anuario de la educaci\u00f3n en Catalu\u00f1a de Equitat\u00b7org, con diagnosis, indicadores y propuestas para mejorar el sistema educativo.\" \/>\n<meta property=\"og:url\" content=\"https:\/\/www.equitat.org\/es\/anuario-educacion-cataluna-equitat\" \/>\n<meta property=\"og:site_name\" content=\"Equitat.org\" \/>\n<meta property=\"article:publisher\" content=\"https:\/\/www.facebook.com\/FundacioBofill?locale=es_ES\" \/>\n<meta property=\"article:modified_time\" content=\"2026-04-20T07:33:12+00:00\" \/>\n<meta property=\"og:image\" content=\"https:\/\/www.equitat.org\/app\/uploads\/2023\/06\/LogoRojo_AnuaridelEducacio.png\" \/>\n\t<meta property=\"og:image:width\" content=\"3274\" \/>\n\t<meta property=\"og:image:height\" content=\"643\" \/>\n\t<meta property=\"og:image:type\" content=\"image\/png\" \/>\n<meta name=\"twitter:card\" content=\"summary_large_image\" \/>\n<meta name=\"twitter:site\" content=\"@FundacioBofill\" \/>\n<meta name=\"twitter:label1\" content=\"Tiempo de lectura\" \/>\n\t<meta name=\"twitter:data1\" content=\"1 minuto\" \/>\n<script type=\"application\/ld+json\" class=\"yoast-schema-graph\">{\"@context\":\"https:\\\/\\\/schema.org\",\"@graph\":[{\"@type\":\"WebPage\",\"@id\":\"https:\\\/\\\/www.equitat.org\\\/es\\\/anuario-educacion-cataluna-equitat\",\"url\":\"https:\\\/\\\/www.equitat.org\\\/es\\\/anuario-educacion-cataluna-equitat\",\"name\":\"Anuario de la Educaci\u00f3n en Catalu\u00f1a - Equitat\u00b7org\",\"isPartOf\":{\"@id\":\"https:\\\/\\\/www.equitat.org\\\/es#website\"},\"primaryImageOfPage\":{\"@id\":\"https:\\\/\\\/www.equitat.org\\\/es\\\/anuario-educacion-cataluna-equitat#primaryimage\"},\"image\":{\"@id\":\"https:\\\/\\\/www.equitat.org\\\/es\\\/anuario-educacion-cataluna-equitat#primaryimage\"},\"thumbnailUrl\":\"https:\\\/\\\/www.equitat.org\\\/app\\\/uploads\\\/2023\\\/06\\\/LogoRojo_AnuaridelEducacio.png\",\"datePublished\":\"2023-06-26T22:00:00+00:00\",\"dateModified\":\"2026-04-20T07:33:12+00:00\",\"description\":\"Explora el anuario de la educaci\u00f3n en Catalu\u00f1a de Equitat\u00b7org, con diagnosis, indicadores y propuestas para mejorar el sistema educativo.\",\"inLanguage\":\"es\",\"potentialAction\":[{\"@type\":\"ReadAction\",\"target\":[\"https:\\\/\\\/www.equitat.org\\\/es\\\/anuario-educacion-cataluna-equitat\"]}]},{\"@type\":\"ImageObject\",\"inLanguage\":\"es\",\"@id\":\"https:\\\/\\\/www.equitat.org\\\/es\\\/anuario-educacion-cataluna-equitat#primaryimage\",\"url\":\"https:\\\/\\\/www.equitat.org\\\/app\\\/uploads\\\/2023\\\/06\\\/LogoRojo_AnuaridelEducacio.png\",\"contentUrl\":\"https:\\\/\\\/www.equitat.org\\\/app\\\/uploads\\\/2023\\\/06\\\/LogoRojo_AnuaridelEducacio.png\",\"width\":3274,\"height\":643},{\"@type\":\"WebSite\",\"@id\":\"https:\\\/\\\/www.equitat.org\\\/es#website\",\"url\":\"https:\\\/\\\/www.equitat.org\\\/es\",\"name\":\"Equitat.org\",\"description\":\"educaci\u00f3 per canviar-ho tot\",\"publisher\":{\"@id\":\"https:\\\/\\\/www.equitat.org\\\/es#organization\"},\"potentialAction\":[{\"@type\":\"SearchAction\",\"target\":{\"@type\":\"EntryPoint\",\"urlTemplate\":\"https:\\\/\\\/www.equitat.org\\\/es?s={search_term_string}\"},\"query-input\":{\"@type\":\"PropertyValueSpecification\",\"valueRequired\":true,\"valueName\":\"search_term_string\"}}],\"inLanguage\":\"es\"},{\"@type\":\"Organization\",\"@id\":\"https:\\\/\\\/www.equitat.org\\\/es#organization\",\"name\":\"Equitat\",\"url\":\"https:\\\/\\\/www.equitat.org\\\/es\",\"logo\":{\"@type\":\"ImageObject\",\"inLanguage\":\"es\",\"@id\":\"https:\\\/\\\/www.equitat.org\\\/es#\\\/schema\\\/logo\\\/image\\\/\",\"url\":\"https:\\\/\\\/www.equitat.org\\\/app\\\/uploads\\\/2026\\\/04\\\/fundacio_jaume_bofill_logo.jpg\",\"contentUrl\":\"https:\\\/\\\/www.equitat.org\\\/app\\\/uploads\\\/2026\\\/04\\\/fundacio_jaume_bofill_logo.jpg\",\"width\":200,\"height\":200,\"caption\":\"Equitat\"},\"image\":{\"@id\":\"https:\\\/\\\/www.equitat.org\\\/es#\\\/schema\\\/logo\\\/image\\\/\"},\"sameAs\":[\"https:\\\/\\\/www.facebook.com\\\/FundacioBofill?locale=es_ES\",\"https:\\\/\\\/x.com\\\/FundacioBofill\"]}]}<\/script>\n<!-- \/ Yoast SEO plugin. -->","yoast_head_json":{"title":"Anuario de la Educaci\u00f3n en Catalu\u00f1a - Equitat\u00b7org","description":"Explora el anuario de la educaci\u00f3n en Catalu\u00f1a de Equitat\u00b7org, con diagnosis, indicadores y propuestas para mejorar el sistema educativo.","robots":{"index":"index","follow":"follow","max-snippet":"max-snippet:-1","max-image-preview":"max-image-preview:large","max-video-preview":"max-video-preview:-1"},"canonical":"https:\/\/www.equitat.org\/es\/anuario-educacion-cataluna-equitat","og_locale":"es_ES","og_type":"article","og_title":"Anuario de la Educaci\u00f3n en Catalu\u00f1a - Equitat\u00b7org","og_description":"Explora el anuario de la educaci\u00f3n en Catalu\u00f1a de Equitat\u00b7org, con diagnosis, indicadores y propuestas para mejorar el sistema educativo.","og_url":"https:\/\/www.equitat.org\/es\/anuario-educacion-cataluna-equitat","og_site_name":"Equitat.org","article_publisher":"https:\/\/www.facebook.com\/FundacioBofill?locale=es_ES","article_modified_time":"2026-04-20T07:33:12+00:00","og_image":[{"width":3274,"height":643,"url":"https:\/\/www.equitat.org\/app\/uploads\/2023\/06\/LogoRojo_AnuaridelEducacio.png","type":"image\/png"}],"twitter_card":"summary_large_image","twitter_site":"@FundacioBofill","twitter_misc":{"Tiempo de lectura":"1 minuto"},"schema":{"@context":"https:\/\/schema.org","@graph":[{"@type":"WebPage","@id":"https:\/\/www.equitat.org\/es\/anuario-educacion-cataluna-equitat","url":"https:\/\/www.equitat.org\/es\/anuario-educacion-cataluna-equitat","name":"Anuario de la Educaci\u00f3n en Catalu\u00f1a - Equitat\u00b7org","isPartOf":{"@id":"https:\/\/www.equitat.org\/es#website"},"primaryImageOfPage":{"@id":"https:\/\/www.equitat.org\/es\/anuario-educacion-cataluna-equitat#primaryimage"},"image":{"@id":"https:\/\/www.equitat.org\/es\/anuario-educacion-cataluna-equitat#primaryimage"},"thumbnailUrl":"https:\/\/www.equitat.org\/app\/uploads\/2023\/06\/LogoRojo_AnuaridelEducacio.png","datePublished":"2023-06-26T22:00:00+00:00","dateModified":"2026-04-20T07:33:12+00:00","description":"Explora el anuario de la educaci\u00f3n en Catalu\u00f1a de Equitat\u00b7org, con diagnosis, indicadores y propuestas para mejorar el sistema educativo.","inLanguage":"es","potentialAction":[{"@type":"ReadAction","target":["https:\/\/www.equitat.org\/es\/anuario-educacion-cataluna-equitat"]}]},{"@type":"ImageObject","inLanguage":"es","@id":"https:\/\/www.equitat.org\/es\/anuario-educacion-cataluna-equitat#primaryimage","url":"https:\/\/www.equitat.org\/app\/uploads\/2023\/06\/LogoRojo_AnuaridelEducacio.png","contentUrl":"https:\/\/www.equitat.org\/app\/uploads\/2023\/06\/LogoRojo_AnuaridelEducacio.png","width":3274,"height":643},{"@type":"WebSite","@id":"https:\/\/www.equitat.org\/es#website","url":"https:\/\/www.equitat.org\/es","name":"Equitat.org","description":"educaci\u00f3 per canviar-ho tot","publisher":{"@id":"https:\/\/www.equitat.org\/es#organization"},"potentialAction":[{"@type":"SearchAction","target":{"@type":"EntryPoint","urlTemplate":"https:\/\/www.equitat.org\/es?s={search_term_string}"},"query-input":{"@type":"PropertyValueSpecification","valueRequired":true,"valueName":"search_term_string"}}],"inLanguage":"es"},{"@type":"Organization","@id":"https:\/\/www.equitat.org\/es#organization","name":"Equitat","url":"https:\/\/www.equitat.org\/es","logo":{"@type":"ImageObject","inLanguage":"es","@id":"https:\/\/www.equitat.org\/es#\/schema\/logo\/image\/","url":"https:\/\/www.equitat.org\/app\/uploads\/2026\/04\/fundacio_jaume_bofill_logo.jpg","contentUrl":"https:\/\/www.equitat.org\/app\/uploads\/2026\/04\/fundacio_jaume_bofill_logo.jpg","width":200,"height":200,"caption":"Equitat"},"image":{"@id":"https:\/\/www.equitat.org\/es#\/schema\/logo\/image\/"},"sameAs":["https:\/\/www.facebook.com\/FundacioBofill?locale=es_ES","https:\/\/x.com\/FundacioBofill"]}]}},"_links":{"self":[{"href":"https:\/\/www.equitat.org\/es\/wp-json\/wp\/v2\/projectes\/152925","targetHints":{"allow":["GET"]}}],"collection":[{"href":"https:\/\/www.equitat.org\/es\/wp-json\/wp\/v2\/projectes"}],"about":[{"href":"https:\/\/www.equitat.org\/es\/wp-json\/wp\/v2\/types\/projectes"}],"wp:featuredmedia":[{"embeddable":true,"href":"https:\/\/www.equitat.org\/es\/wp-json\/wp\/v2\/media\/152577"}],"wp:attachment":[{"href":"https:\/\/www.equitat.org\/es\/wp-json\/wp\/v2\/media?parent=152925"}],"curies":[{"name":"wp","href":"https:\/\/api.w.org\/{rel}","templated":true}]}}